{"id":2817,"date":"2023-12-04T13:10:42","date_gmt":"2023-12-04T19:10:42","guid":{"rendered":"https:\/\/libreriahistoriasdebolsillo.com\/?post_type=product&#038;p=2817"},"modified":"2025-10-16T17:57:43","modified_gmt":"2025-10-16T23:57:43","slug":"mi-lucha","status":"publish","type":"product","link":"https:\/\/libreriahistoriasdebolsillo.com\/index.php\/producto\/mi-lucha\/","title":{"rendered":"Mi lucha"},"content":{"rendered":"<p>Mi lucha es el afamado libro en el que Hitler vaci\u00f3 las principales ideas del r\u00e9gimen alem\u00e1n y que llevar\u00eda a cabo durante la Segunda Guerra Mundial. En esta obra, el autonombrado f\u00fchrer perfila su antisemitismo, denunciando que la mayor parte de los l\u00edderes en la pol\u00edtica y directores de peri\u00f3dicos eran dirigidos por jud\u00edos, en quienes recayeron las m\u00e1s grandes atrocidades que la humanidad haya visto; adem\u00e1s, en estas p\u00e1ginas Hitler se encarg\u00f3 de enaltecer la idea del nacionalismo alem\u00e1n con lo que pretend\u00eda regresar la gloria a su pueblo. As\u00ed pues, este manifiesto puede considerarse un documento hist\u00f3rico importante, ya que contiene una firme declaraci\u00f3n hacia el conflicto b\u00e9lico desencadenado por el odio racial que conllevo tantas tragedias al pueblo jud\u00edo y muchos m\u00e1s. Por ello, en esta ocasi\u00f3n se presenta una cuidada edici\u00f3n \u00edntegra en espa\u00f1ol de esta obra, acompa\u00f1ada de un pr\u00f3logo y notas del editor que adentrar\u00e1n al lector en el texto para que conozca este importante documento hist\u00f3rico y lo que el odio racial puede desencadenar.<\/p>\n","protected":false},"excerpt":{"rendered":"<p>Adolf Hitler<\/p>\n","protected":false},"featured_media":2818,"template":"","meta":{"_joinchat":[]},"product_brand":[],"product_cat":[42,51],"product_tag":[47],"class_list":{"0":"post-2817","1":"product","2":"type-product","3":"status-publish","4":"has-post-thumbnail","6":"product_cat-literatura-clasica","7":"product_cat-oferta","8":"product_tag-editories-mexicanos-unidos","10":"first","11":"instock","12":"sale","13":"shipping-taxable","14":"purchasable","15":"product-type-simple"},"_links":{"self":[{"href":"https:\/\/libreriahistoriasdebolsillo.com\/index.php\/wp-json\/wp\/v2\/product\/2817","targetHints":{"allow":["GET"]}}],"collection":[{"href":"https:\/\/libreriahistoriasdebolsillo.com\/index.php\/wp-json\/wp\/v2\/product"}],"about":[{"href":"https:\/\/libreriahistoriasdebolsillo.com\/index.php\/wp-json\/wp\/v2\/types\/product"}],"wp:featuredmedia":[{"embeddable":true,"href":"https:\/\/libreriahistoriasdebolsillo.com\/index.php\/wp-json\/wp\/v2\/media\/2818"}],"wp:attachment":[{"href":"https:\/\/libreriahistoriasdebolsillo.com\/index.php\/wp-json\/wp\/v2\/media?parent=2817"}],"wp:term":[{"taxonomy":"product_brand","embeddable":true,"href":"https:\/\/libreriahistoriasdebolsillo.com\/index.php\/wp-json\/wp\/v2\/product_brand?post=2817"},{"taxonomy":"product_cat","embeddable":true,"href":"https:\/\/libreriahistoriasdebolsillo.com\/index.php\/wp-json\/wp\/v2\/product_cat?post=2817"},{"taxonomy":"product_tag","embeddable":true,"href":"https:\/\/libreriahistoriasdebolsillo.com\/index.php\/wp-json\/wp\/v2\/product_tag?post=2817"}],"curies":[{"name":"wp","href":"https:\/\/api.w.org\/{rel}","templated":true}]}}